{"id":10114,"date":"2026-01-09T12:30:02","date_gmt":"2026-01-09T11:30:02","guid":{"rendered":"https:\/\/barcinovintagefactory.com\/?post_type=product&#038;p=10114"},"modified":"2026-04-21T15:40:19","modified_gmt":"2026-04-21T13:40:19","slug":"mink-coat-midi-jacket-dark-brown-v-neck-vintage-90s-l","status":"publish","type":"product","link":"https:\/\/barcinovintagefactory.com\/en\/product\/mink-coat-midi-jacket-dark-brown-v-neck-vintage-90s-l\/","title":{"rendered":"Abrigo de pelo de vis\u00f3n marr\u00f3n oscuro vintage 80s L"},"content":{"rendered":"<p><!--StartFragment --><\/p>\n<p class=\"pf0\"><span class=\"cf0\">Abrigo midi de pelo natural de vis\u00f3n en color marr\u00f3n oscuro vintage 90s. Tiene botones con clip para poder cerrarlo y el cuello en forma de pico tipo blazer. Tiene forro interior y cuenta tambi\u00e9n con un bolsillo interior en \u00e9l. Ideal para los d\u00edas m\u00e1s fr\u00edos de invierno para usarla con m\u00e1s capas debajo del abrigo, como un jersey de punto o incluso con una sudadera para darle un toque m\u00e1s atrevido y \u00fanico a tu look. Queda genial tanto con pantalones vaqueros como con pantalones tipo chinos o de pinzas, o incluso con una falda.<\/span><!--EndFragment --><\/p>\n<p>Muy buen estado, mide 42cm de hombros, 52 de axila a axila, 62 de largo de mangas y 84 de largo.<\/p>\n<p>Brand: vintage 90s<br \/>\nSize on garment<br \/>\nTalla recomendada: L<br \/>\nMaterial: pelo de vis\u00f3n natural<br \/>\nEstado: muy bueno, el pelo est\u00e1 en perfecto estado, no tiene ninguna calva, ni descosido ni desperfecto alguno, aunque el forro interior est\u00e1 arreglado con algunas partes cosidas como se ve en las fotos y el bolsillo tambi\u00e9n.<\/p>","protected":false},"excerpt":{"rendered":"<p class=\"pf0\"><span class=\"cf0\">Abrigo midi de pelo natural de vis\u00f3n en color marr\u00f3n oscuro vintage 90s. Tiene botones con clip para poder cerrarlo y el cuello en forma de pico tipo blazer. Tiene forro interior y cuenta tambi\u00e9n con un bolsillo interior en \u00e9l. Ideal para los d\u00edas m\u00e1s fr\u00edos de invierno para usarla con m\u00e1s capas debajo del abrigo, como un jersey de punto o incluso con una sudadera para darle un toque m\u00e1s atrevido y \u00fanico a tu look. Queda genial tanto con pantalones vaqueros como con pantalones tipo chinos o de pinzas, o incluso con una falda.<\/span><!--EndFragment --><\/p>\n<p>Muy buen estado, mide 42cm de hombros, 52 de axila a axila, 62 de largo de mangas y 84 de largo.<\/p>\n<p>Brand: vintage 90s<br \/>\nSize on garment<br \/>\nTalla recomendada: L<br \/>\nMaterial: pelo de vis\u00f3n natural<br \/>\nEstado: muy bueno, el pelo est\u00e1 en perfecto estado, no tiene ninguna calva, ni descosido ni desperfecto alguno, aunque el forro interior est\u00e1 arreglado con algunas partes cosidas como se ve en las fotos y el bolsillo tambi\u00e9n.<\/p>","protected":false},"featured_media":10129,"comment_status":"open","ping_status":"closed","template":"","meta":{"site-sidebar-layout":"default","site-content-layout":"","ast-site-content-layout":"default","site-content-style":"default","site-sidebar-style":"default","ast-global-header-display":"","ast-banner-title-visibility":"","ast-main-header-display":"","ast-hfb-above-header-display":"","ast-hfb-below-header-display":"","ast-hfb-mobile-header-display":"","site-post-title":"","ast-breadcrumbs-content":"","ast-featured-img":"","footer-sml-layout":"","ast-disable-related-posts":"","theme-transparent-header-meta":"default","adv-header-id-meta":"","stick-header-meta":"","header-above-stick-meta":"","header-main-stick-meta":"","header-below-stick-meta":"","astra-migrate-meta-layouts":"set","ast-page-background-enabled":"default","ast-page-background-meta":{"desktop":{"background-color":"","background-image":"","background-repeat":"repeat","background-position":"center center","background-size":"auto","background-attachment":"scroll","background-type":"","background-media":"","overlay-type":"","overlay-color":"","overlay-opacity":"","overlay-gradient":""},"tablet":{"background-color":"","background-image":"","background-repeat":"repeat","background-position":"center center","background-size":"auto","background-attachment":"scroll","background-type":"","background-media":"","overlay-type":"","overlay-color":"","overlay-opacity":"","overlay-gradient":""},"mobile":{"background-color":"","background-image":"","background-repeat":"repeat","background-position":"center center","background-size":"auto","background-attachment":"scroll","background-type":"","background-media":"","overlay-type":"","overlay-color":"","overlay-opacity":"","overlay-gradient":""}},"ast-content-background-meta":{"desktop":{"background-color":"var(--ast-global-color-5)","background-image":"","background-repeat":"repeat","background-position":"center center","background-size":"auto","background-attachment":"scroll","background-type":"","background-media":"","overlay-type":"","overlay-color":"","overlay-opacity":"","overlay-gradient":""},"tablet":{"background-color":"var(--ast-global-color-5)","background-image":"","background-repeat":"repeat","background-position":"center center","background-size":"auto","background-attachment":"scroll","background-type":"","background-media":"","overlay-type":"","overlay-color":"","overlay-opacity":"","overlay-gradient":""},"mobile":{"background-color":"var(--ast-global-color-5)","background-image":"","background-repeat":"repeat","background-position":"center center","background-size":"auto","background-attachment":"scroll","background-type":"","background-media":"","overlay-type":"","overlay-color":"","overlay-opacity":"","overlay-gradient":""}},"jetpack_publicize_message":"","jetpack_publicize_feature_enabled":true,"jetpack_social_post_already_shared":true,"jetpack_social_options":{"image_generator_settings":{"template":"highway","enabled":false},"version":2}},"product_brand":[],"product_cat":[232],"product_tag":[261,262,257,254],"class_list":{"0":"post-10114","1":"product","2":"type-product","3":"status-publish","4":"has-post-thumbnail","6":"product_cat-abrigos-de-pelo-vintage-80s","7":"product_tag-80s","8":"product_tag-90s","9":"product_tag-biker","10":"product_tag-invierno","11":"desktop-align-left","12":"tablet-align-left","13":"mobile-align-left","15":"first","16":"instock","17":"taxable","18":"shipping-taxable","19":"purchasable","20":"product-type-simple","21":"wpzoom-wc-spi-has-enabled"},"jetpack_publicize_connections":[],"yoast_head":"<!-- This site is optimized with the Yoast SEO plugin v27.1.1 - https:\/\/yoast.com\/product\/yoast-seo-wordpress\/ -->\n<title>Abrigo de pelo de vis\u00f3n marr\u00f3n oscuro vintage 80s L - Barcino Vintage Factory<\/title>\n<meta name=\"description\" content=\"Abrigo midi de pelo natural de vis\u00f3n en color marr\u00f3n oscuro vintage 90s. Tiene botones con clip para cerrarlo y el cuello en forma de pico tipo blazer.\" \/>\n<meta name=\"robots\" content=\"index, follow, max-snippet:-1, max-image-preview:large, max-video-preview:-1\" \/>\n<link rel=\"canonical\" href=\"https:\/\/barcinovintagefactory.com\/en\/product\/mink-coat-midi-jacket-dark-brown-v-neck-vintage-90s-l\/\" \/>\n<meta property=\"og:locale\" content=\"en_GB\" \/>\n<meta property=\"og:type\" content=\"article\" \/>\n<meta property=\"og:title\" content=\"Abrigo de pelo de vis\u00f3n marr\u00f3n oscuro vintage 80s L - Barcino Vintage Factory\" \/>\n<meta property=\"og:description\" content=\"Abrigo midi de pelo natural de vis\u00f3n en color marr\u00f3n oscuro vintage 90s. Tiene botones con clip para cerrarlo y el cuello en forma de pico tipo blazer.\" \/>\n<meta property=\"og:url\" content=\"https:\/\/barcinovintagefactory.com\/en\/product\/mink-coat-midi-jacket-dark-brown-v-neck-vintage-90s-l\/\" \/>\n<meta property=\"og:site_name\" content=\"Barcino Vintage Factory\" \/>\n<meta property=\"article:modified_time\" content=\"2026-04-21T13:40:19+00:00\" \/>\n<meta property=\"og:image\" content=\"https:\/\/barcinovintagefactory.com\/wp-content\/uploads\/2026\/01\/IMG_20251219_155159.webp\" \/>\n\t<meta property=\"og:image:width\" content=\"1530\" \/>\n\t<meta property=\"og:image:height\" content=\"2040\" \/>\n\t<meta property=\"og:image:type\" content=\"image\/webp\" \/>\n<meta name=\"twitter:card\" content=\"summary_large_image\" \/>\n<meta name=\"twitter:label1\" content=\"Estimated reading time\" \/>\n\t<meta name=\"twitter:data1\" content=\"1 minute\" \/>\n<script type=\"application\/ld+json\" class=\"yoast-schema-graph\">{\"@context\":\"https:\/\/schema.org\",\"@graph\":[{\"@type\":\"WebPage\",\"@id\":\"https:\/\/barcinovintagefactory.com\/producto\/mink-coat-midi-jacket-dark-brown-v-neck-vintage-90s-l\/\",\"url\":\"https:\/\/barcinovintagefactory.com\/producto\/mink-coat-midi-jacket-dark-brown-v-neck-vintage-90s-l\/\",\"name\":\"Abrigo de pelo de vis\u00f3n marr\u00f3n oscuro vintage 80s L - Barcino Vintage Factory\",\"isPartOf\":{\"@id\":\"https:\/\/barcinovintagefactory.com\/#website\"},\"primaryImageOfPage\":{\"@id\":\"https:\/\/barcinovintagefactory.com\/producto\/mink-coat-midi-jacket-dark-brown-v-neck-vintage-90s-l\/#primaryimage\"},\"image\":{\"@id\":\"https:\/\/barcinovintagefactory.com\/producto\/mink-coat-midi-jacket-dark-brown-v-neck-vintage-90s-l\/#primaryimage\"},\"thumbnailUrl\":\"https:\/\/barcinovintagefactory.com\/wp-content\/uploads\/2026\/01\/IMG_20251219_155159.webp\",\"datePublished\":\"2026-01-09T11:30:02+00:00\",\"dateModified\":\"2026-04-21T13:40:19+00:00\",\"description\":\"Abrigo midi de pelo natural de vis\u00f3n en color marr\u00f3n oscuro vintage 90s. Tiene botones con clip para cerrarlo y el cuello en forma de pico tipo blazer.\",\"breadcrumb\":{\"@id\":\"https:\/\/barcinovintagefactory.com\/producto\/mink-coat-midi-jacket-dark-brown-v-neck-vintage-90s-l\/#breadcrumb\"},\"inLanguage\":\"en-GB\",\"potentialAction\":[{\"@type\":\"ReadAction\",\"target\":[\"https:\/\/barcinovintagefactory.com\/producto\/mink-coat-midi-jacket-dark-brown-v-neck-vintage-90s-l\/\"]}]},{\"@type\":\"ImageObject\",\"inLanguage\":\"en-GB\",\"@id\":\"https:\/\/barcinovintagefactory.com\/producto\/mink-coat-midi-jacket-dark-brown-v-neck-vintage-90s-l\/#primaryimage\",\"url\":\"https:\/\/barcinovintagefactory.com\/wp-content\/uploads\/2026\/01\/IMG_20251219_155159.webp\",\"contentUrl\":\"https:\/\/barcinovintagefactory.com\/wp-content\/uploads\/2026\/01\/IMG_20251219_155159.webp\",\"width\":1530,\"height\":2040},{\"@type\":\"BreadcrumbList\",\"@id\":\"https:\/\/barcinovintagefactory.com\/producto\/mink-coat-midi-jacket-dark-brown-v-neck-vintage-90s-l\/#breadcrumb\",\"itemListElement\":[{\"@type\":\"ListItem\",\"position\":1,\"name\":\"Portada\",\"item\":\"https:\/\/barcinovintagefactory.com\/\"},{\"@type\":\"ListItem\",\"position\":2,\"name\":\"Tienda filtro\",\"item\":\"https:\/\/barcinovintagefactory.com\/?page_id=1613\"},{\"@type\":\"ListItem\",\"position\":3,\"name\":\"Abrigo de pelo de vis\u00f3n marr\u00f3n oscuro vintage 80s L\"}]},{\"@type\":\"WebSite\",\"@id\":\"https:\/\/barcinovintagefactory.com\/#website\",\"url\":\"https:\/\/barcinovintagefactory.com\/\",\"name\":\"Barcino Vintage Factory\",\"description\":\"Tienda de ropa vintage Barcelona, Espa\u00f1a. DROP DIARIO a las 12:30 PM + de 30 prendas nuevas cada semana\",\"publisher\":{\"@id\":\"https:\/\/barcinovintagefactory.com\/#organization\"},\"potentialAction\":[{\"@type\":\"SearchAction\",\"target\":{\"@type\":\"EntryPoint\",\"urlTemplate\":\"https:\/\/barcinovintagefactory.com\/?s={search_term_string}\"},\"query-input\":{\"@type\":\"PropertyValueSpecification\",\"valueRequired\":true,\"valueName\":\"search_term_string\"}}],\"inLanguage\":\"en-GB\"},{\"@type\":\"Organization\",\"@id\":\"https:\/\/barcinovintagefactory.com\/#organization\",\"name\":\"Barcino Vintage Factory\",\"url\":\"https:\/\/barcinovintagefactory.com\/\",\"logo\":{\"@type\":\"ImageObject\",\"inLanguage\":\"en-GB\",\"@id\":\"https:\/\/barcinovintagefactory.com\/#\/schema\/logo\/image\/\",\"url\":\"https:\/\/barcinovintagefactory.com\/wp-content\/uploads\/2025\/03\/LOGO-BVF-FONDO-COLOR-1PEKENOyyyyyyyyyy.png\",\"contentUrl\":\"https:\/\/barcinovintagefactory.com\/wp-content\/uploads\/2025\/03\/LOGO-BVF-FONDO-COLOR-1PEKENOyyyyyyyyyy.png\",\"width\":1743,\"height\":1683,\"caption\":\"Barcino Vintage Factory\"},\"image\":{\"@id\":\"https:\/\/barcinovintagefactory.com\/#\/schema\/logo\/image\/\"},\"sameAs\":[\"https:\/\/www.tiktok.com\/@barcinovintagefactory\",\"https:\/\/es.pinterest.com\/BarcinoVintageFactory\",\"https:\/\/www.instagram.com\/barcino.vintagefactory\/\"]}]}<\/script>\n<!-- \/ Yoast SEO plugin. -->","yoast_head_json":{"title":"Abrigo de pelo de vis\u00f3n marr\u00f3n oscuro vintage 80s L - Barcino Vintage Factory","description":"Abrigo midi de pelo natural de vis\u00f3n en color marr\u00f3n oscuro vintage 90s. Tiene botones con clip para cerrarlo y el cuello en forma de pico tipo blazer.","robots":{"index":"index","follow":"follow","max-snippet":"max-snippet:-1","max-image-preview":"max-image-preview:large","max-video-preview":"max-video-preview:-1"},"canonical":"https:\/\/barcinovintagefactory.com\/en\/product\/mink-coat-midi-jacket-dark-brown-v-neck-vintage-90s-l\/","og_locale":"en_GB","og_type":"article","og_title":"Abrigo de pelo de vis\u00f3n marr\u00f3n oscuro vintage 80s L - Barcino Vintage Factory","og_description":"Abrigo midi de pelo natural de vis\u00f3n en color marr\u00f3n oscuro vintage 90s. Tiene botones con clip para cerrarlo y el cuello en forma de pico tipo blazer.","og_url":"https:\/\/barcinovintagefactory.com\/en\/product\/mink-coat-midi-jacket-dark-brown-v-neck-vintage-90s-l\/","og_site_name":"Barcino Vintage Factory","article_modified_time":"2026-04-21T13:40:19+00:00","og_image":[{"width":1530,"height":2040,"url":"https:\/\/barcinovintagefactory.com\/wp-content\/uploads\/2026\/01\/IMG_20251219_155159.webp","type":"image\/webp"}],"twitter_card":"summary_large_image","twitter_misc":{"Estimated reading time":"1 minute"},"schema":{"@context":"https:\/\/schema.org","@graph":[{"@type":"WebPage","@id":"https:\/\/barcinovintagefactory.com\/producto\/mink-coat-midi-jacket-dark-brown-v-neck-vintage-90s-l\/","url":"https:\/\/barcinovintagefactory.com\/producto\/mink-coat-midi-jacket-dark-brown-v-neck-vintage-90s-l\/","name":"Abrigo de pelo de vis\u00f3n marr\u00f3n oscuro vintage 80s L - Barcino Vintage Factory","isPartOf":{"@id":"https:\/\/barcinovintagefactory.com\/#website"},"primaryImageOfPage":{"@id":"https:\/\/barcinovintagefactory.com\/producto\/mink-coat-midi-jacket-dark-brown-v-neck-vintage-90s-l\/#primaryimage"},"image":{"@id":"https:\/\/barcinovintagefactory.com\/producto\/mink-coat-midi-jacket-dark-brown-v-neck-vintage-90s-l\/#primaryimage"},"thumbnailUrl":"https:\/\/barcinovintagefactory.com\/wp-content\/uploads\/2026\/01\/IMG_20251219_155159.webp","datePublished":"2026-01-09T11:30:02+00:00","dateModified":"2026-04-21T13:40:19+00:00","description":"Abrigo midi de pelo natural de vis\u00f3n en color marr\u00f3n oscuro vintage 90s. Tiene botones con clip para cerrarlo y el cuello en forma de pico tipo blazer.","breadcrumb":{"@id":"https:\/\/barcinovintagefactory.com\/producto\/mink-coat-midi-jacket-dark-brown-v-neck-vintage-90s-l\/#breadcrumb"},"inLanguage":"en-GB","potentialAction":[{"@type":"ReadAction","target":["https:\/\/barcinovintagefactory.com\/producto\/mink-coat-midi-jacket-dark-brown-v-neck-vintage-90s-l\/"]}]},{"@type":"ImageObject","inLanguage":"en-GB","@id":"https:\/\/barcinovintagefactory.com\/producto\/mink-coat-midi-jacket-dark-brown-v-neck-vintage-90s-l\/#primaryimage","url":"https:\/\/barcinovintagefactory.com\/wp-content\/uploads\/2026\/01\/IMG_20251219_155159.webp","contentUrl":"https:\/\/barcinovintagefactory.com\/wp-content\/uploads\/2026\/01\/IMG_20251219_155159.webp","width":1530,"height":2040},{"@type":"BreadcrumbList","@id":"https:\/\/barcinovintagefactory.com\/producto\/mink-coat-midi-jacket-dark-brown-v-neck-vintage-90s-l\/#breadcrumb","itemListElement":[{"@type":"ListItem","position":1,"name":"Portada","item":"https:\/\/barcinovintagefactory.com\/"},{"@type":"ListItem","position":2,"name":"Tienda filtro","item":"https:\/\/barcinovintagefactory.com\/?page_id=1613"},{"@type":"ListItem","position":3,"name":"Abrigo de pelo de vis\u00f3n marr\u00f3n oscuro vintage 80s L"}]},{"@type":"WebSite","@id":"https:\/\/barcinovintagefactory.com\/#website","url":"https:\/\/barcinovintagefactory.com\/","name":"Barcino Vintage Factory","description":"Tienda de ropa vintage Barcelona, Espa\u00f1a. DROP DIARIO a las 12:30 PM + de 30 prendas nuevas cada semana","publisher":{"@id":"https:\/\/barcinovintagefactory.com\/#organization"},"potentialAction":[{"@type":"SearchAction","target":{"@type":"EntryPoint","urlTemplate":"https:\/\/barcinovintagefactory.com\/?s={search_term_string}"},"query-input":{"@type":"PropertyValueSpecification","valueRequired":true,"valueName":"search_term_string"}}],"inLanguage":"en-GB"},{"@type":"Organization","@id":"https:\/\/barcinovintagefactory.com\/#organization","name":"Barcino Vintage Factory","url":"https:\/\/barcinovintagefactory.com\/","logo":{"@type":"ImageObject","inLanguage":"en-GB","@id":"https:\/\/barcinovintagefactory.com\/#\/schema\/logo\/image\/","url":"https:\/\/barcinovintagefactory.com\/wp-content\/uploads\/2025\/03\/LOGO-BVF-FONDO-COLOR-1PEKENOyyyyyyyyyy.png","contentUrl":"https:\/\/barcinovintagefactory.com\/wp-content\/uploads\/2025\/03\/LOGO-BVF-FONDO-COLOR-1PEKENOyyyyyyyyyy.png","width":1743,"height":1683,"caption":"Barcino Vintage Factory"},"image":{"@id":"https:\/\/barcinovintagefactory.com\/#\/schema\/logo\/image\/"},"sameAs":["https:\/\/www.tiktok.com\/@barcinovintagefactory","https:\/\/es.pinterest.com\/BarcinoVintageFactory","https:\/\/www.instagram.com\/barcino.vintagefactory\/"]}]}},"jetpack_sharing_enabled":true,"_links":{"self":[{"href":"https:\/\/barcinovintagefactory.com\/en\/wp-json\/wp\/v2\/product\/10114","targetHints":{"allow":["GET"]}}],"collection":[{"href":"https:\/\/barcinovintagefactory.com\/en\/wp-json\/wp\/v2\/product"}],"about":[{"href":"https:\/\/barcinovintagefactory.com\/en\/wp-json\/wp\/v2\/types\/product"}],"replies":[{"embeddable":true,"href":"https:\/\/barcinovintagefactory.com\/en\/wp-json\/wp\/v2\/comments?post=10114"}],"wp:featuredmedia":[{"embeddable":true,"href":"https:\/\/barcinovintagefactory.com\/en\/wp-json\/wp\/v2\/media\/10129"}],"wp:attachment":[{"href":"https:\/\/barcinovintagefactory.com\/en\/wp-json\/wp\/v2\/media?parent=10114"}],"wp:term":[{"taxonomy":"product_brand","embeddable":true,"href":"https:\/\/barcinovintagefactory.com\/en\/wp-json\/wp\/v2\/product_brand?post=10114"},{"taxonomy":"product_cat","embeddable":true,"href":"https:\/\/barcinovintagefactory.com\/en\/wp-json\/wp\/v2\/product_cat?post=10114"},{"taxonomy":"product_tag","embeddable":true,"href":"https:\/\/barcinovintagefactory.com\/en\/wp-json\/wp\/v2\/product_tag?post=10114"}],"curies":[{"name":"wp","href":"https:\/\/api.w.org\/{rel}","templated":true}]}}